{"id":713,"date":"2018-11-10T09:38:39","date_gmt":"2018-11-10T08:38:39","guid":{"rendered":"https:\/\/www.albalatdelstarongers.es\/ruta-jardi-del-riu\/"},"modified":"2018-11-28T14:48:41","modified_gmt":"2018-11-28T13:48:41","slug":"ruta-jardi-del-riu","status":"publish","type":"page","link":"https:\/\/www.albalatdelstarongers.es\/es\/patrimonio-y-cultura\/patrimonio-la-ruta\/ruta-jardi-del-riu\/","title":{"rendered":"Jard\u00ed del Riu"},"content":{"rendered":"<p><div class=\"fusion-fullwidth fullwidth-box fusion-builder-row-1 nonhundred-percent-fullwidth non-hundred-percent-height-scrolling\" style=\"--awb-border-radius-top-left:0px;--awb-border-radius-top-right:0px;--awb-border-radius-bottom-right:0px;--awb-border-radius-bottom-left:0px;--awb-flex-wrap:wrap;\" ><div class=\"fusion-builder-row fusion-row\"><div class=\"fusion-layout-column fusion_builder_column fusion-builder-column-0 fusion_builder_column_1_2 1_2 fusion-one-half fusion-column-first\" style=\"--awb-bg-size:cover;--awb-margin-bottom:0px;width:48%; margin-right: 4%;\"><div class=\"fusion-column-wrapper fusion-flex-column-wrapper-legacy\"><div class=\"fusion-image-carousel fusion-image-carousel-auto fusion-image-carousel-1 lightbox-enabled fusion-carousel-border\"><div class=\"awb-carousel awb-swiper awb-swiper-carousel awb-carousel--carousel awb-swiper-dots-position-bottom\" data-layout=\"carousel\" data-autoplay=\"yes\" data-autoplayspeed=\"2500\" data-autoplaypause=\"no\" data-columns=\"1\" data-columnsmedium=\"1\" data-columnssmall=\"1\" data-itemmargin=\"13\" data-itemwidth=\"180\" data-touchscroll=\"no\" data-freemode=\"no\" data-imagesize=\"auto\" data-scrollitems=\"0\" data-centeredslides=\"no\" data-rotationangle=\"50\" data-depth=\"100\" data-speed=\"500\" data-shadow=\"no\" data-pagination=\"bullets\" style=\"--awb-columns:1;--awb-border-width:1px;--awb-border-color:#e9eaee;\"><div class=\"swiper-wrapper awb-image-carousel-wrapper fusion-flex-align-items-center\"><div class=\"swiper-slide\"><div class=\"fusion-carousel-item-wrapper\"><div class=\"fusion-image-wrapper hover-type-zoomin\"><a data-rel=\"iLightbox[image_carousel_1]\" data-title=\"Jard\u00ed del Riu &#8211; Jardines\" aria-label=\"Jard\u00ed del Riu &#8211; Jardines\" href=\"https:\/\/www.albalatdelstarongers.es\/wp-content\/uploads\/2018\/11\/Jard\u00ed-del-Riu-Jardines.jpg\" target=\"_self\"><img decoding=\"async\" width=\"1600\" height=\"1600\" src=\"https:\/\/www.albalatdelstarongers.es\/wp-content\/uploads\/2018\/11\/Jard\u00ed-del-Riu-Jardines.jpg\" class=\"attachment-full size-full\" alt=\"\" srcset=\"https:\/\/www.albalatdelstarongers.es\/wp-content\/uploads\/2018\/11\/Jard\u00ed-del-Riu-Jardines-50x50.jpg 50w, https:\/\/www.albalatdelstarongers.es\/wp-content\/uploads\/2018\/11\/Jard\u00ed-del-Riu-Jardines-66x66.jpg 66w, https:\/\/www.albalatdelstarongers.es\/wp-content\/uploads\/2018\/11\/Jard\u00ed-del-Riu-Jardines-150x150.jpg 150w, https:\/\/www.albalatdelstarongers.es\/wp-content\/uploads\/2018\/11\/Jard\u00ed-del-Riu-Jardines-200x200.jpg 200w, https:\/\/www.albalatdelstarongers.es\/wp-content\/uploads\/2018\/11\/Jard\u00ed-del-Riu-Jardines-300x300.jpg 300w, https:\/\/www.albalatdelstarongers.es\/wp-content\/uploads\/2018\/11\/Jard\u00ed-del-Riu-Jardines-400x400.jpg 400w, https:\/\/www.albalatdelstarongers.es\/wp-content\/uploads\/2018\/11\/Jard\u00ed-del-Riu-Jardines-500x500.jpg 500w, https:\/\/www.albalatdelstarongers.es\/wp-content\/uploads\/2018\/11\/Jard\u00ed-del-Riu-Jardines-600x600.jpg 600w, https:\/\/www.albalatdelstarongers.es\/wp-content\/uploads\/2018\/11\/Jard\u00ed-del-Riu-Jardines-768x768.jpg 768w, https:\/\/www.albalatdelstarongers.es\/wp-content\/uploads\/2018\/11\/Jard\u00ed-del-Riu-Jardines-800x800.jpg 800w, https:\/\/www.albalatdelstarongers.es\/wp-content\/uploads\/2018\/11\/Jard\u00ed-del-Riu-Jardines-1024x1024.jpg 1024w, https:\/\/www.albalatdelstarongers.es\/wp-content\/uploads\/2018\/11\/Jard\u00ed-del-Riu-Jardines-1200x1200.jpg 1200w, https:\/\/www.albalatdelstarongers.es\/wp-content\/uploads\/2018\/11\/Jard\u00ed-del-Riu-Jardines.jpg 1600w\" sizes=\"(max-width: 1600px) 100vw, 1600px\" \/><\/a><\/div><\/div><\/div><div class=\"swiper-slide\"><div class=\"fusion-carousel-item-wrapper\"><div class=\"fusion-image-wrapper hover-type-zoomin\"><a data-rel=\"iLightbox[image_carousel_1]\" data-title=\"Jard\u00ed del Riu &#8211; \u00c1rboles\" aria-label=\"Jard\u00ed del Riu &#8211; \u00c1rboles\" href=\"https:\/\/www.albalatdelstarongers.es\/wp-content\/uploads\/2018\/11\/Jard\u00ed-del-Riu-\u00c1rboles.jpg\" target=\"_self\"><img decoding=\"async\" width=\"1600\" height=\"1600\" src=\"https:\/\/www.albalatdelstarongers.es\/wp-content\/uploads\/2018\/11\/Jard\u00ed-del-Riu-\u00c1rboles.jpg\" class=\"attachment-full size-full\" alt=\"\" srcset=\"https:\/\/www.albalatdelstarongers.es\/wp-content\/uploads\/2018\/11\/Jard\u00ed-del-Riu-\u00c1rboles-50x50.jpg 50w, https:\/\/www.albalatdelstarongers.es\/wp-content\/uploads\/2018\/11\/Jard\u00ed-del-Riu-\u00c1rboles-66x66.jpg 66w, https:\/\/www.albalatdelstarongers.es\/wp-content\/uploads\/2018\/11\/Jard\u00ed-del-Riu-\u00c1rboles-150x150.jpg 150w, https:\/\/www.albalatdelstarongers.es\/wp-content\/uploads\/2018\/11\/Jard\u00ed-del-Riu-\u00c1rboles-200x200.jpg 200w, https:\/\/www.albalatdelstarongers.es\/wp-content\/uploads\/2018\/11\/Jard\u00ed-del-Riu-\u00c1rboles-300x300.jpg 300w, https:\/\/www.albalatdelstarongers.es\/wp-content\/uploads\/2018\/11\/Jard\u00ed-del-Riu-\u00c1rboles-400x400.jpg 400w, https:\/\/www.albalatdelstarongers.es\/wp-content\/uploads\/2018\/11\/Jard\u00ed-del-Riu-\u00c1rboles-500x500.jpg 500w, https:\/\/www.albalatdelstarongers.es\/wp-content\/uploads\/2018\/11\/Jard\u00ed-del-Riu-\u00c1rboles-600x600.jpg 600w, https:\/\/www.albalatdelstarongers.es\/wp-content\/uploads\/2018\/11\/Jard\u00ed-del-Riu-\u00c1rboles-768x768.jpg 768w, https:\/\/www.albalatdelstarongers.es\/wp-content\/uploads\/2018\/11\/Jard\u00ed-del-Riu-\u00c1rboles-800x800.jpg 800w, https:\/\/www.albalatdelstarongers.es\/wp-content\/uploads\/2018\/11\/Jard\u00ed-del-Riu-\u00c1rboles-1024x1024.jpg 1024w, https:\/\/www.albalatdelstarongers.es\/wp-content\/uploads\/2018\/11\/Jard\u00ed-del-Riu-\u00c1rboles-1200x1200.jpg 1200w, https:\/\/www.albalatdelstarongers.es\/wp-content\/uploads\/2018\/11\/Jard\u00ed-del-Riu-\u00c1rboles.jpg 1600w\" sizes=\"(max-width: 1600px) 100vw, 1600px\" \/><\/a><\/div><\/div><\/div><\/div><div class=\"awb-swiper-button awb-swiper-button-prev\"><i class=\"awb-icon-angle-left\" aria-hidden=\"true\"><\/i><\/div><div class=\"awb-swiper-button awb-swiper-button-next\"><i class=\"awb-icon-angle-right\" aria-hidden=\"true\"><\/i><\/div><\/div><\/div><div class=\"fusion-clearfix\"><\/div><\/div><\/div><div class=\"fusion-layout-column fusion_builder_column fusion-builder-column-1 fusion_builder_column_1_2 1_2 fusion-one-half fusion-column-last\" style=\"--awb-bg-size:cover;--awb-margin-bottom:0px;width:48%;\"><div class=\"fusion-column-wrapper fusion-flex-column-wrapper-legacy\"><div class=\"accordian fusion-accordian\" style=\"--awb-border-size:1px;--awb-icon-size:13px;--awb-content-font-size:16px;--awb-icon-alignment:left;--awb-hover-color:#f9f9f9;--awb-border-color:#cccccc;--awb-background-color:#ffffff;--awb-divider-color:#e0dede;--awb-divider-hover-color:#e0dede;--awb-icon-color:#ffffff;--awb-title-color:#333333;--awb-content-color:#747474;--awb-icon-box-color:#333333;--awb-toggle-hover-accent-color:#a7bdb1;--awb-title-font-family:&quot;Roboto&quot;;--awb-title-font-weight:300;--awb-title-font-style:normal;--awb-title-line-height:1.5;--awb-content-font-family:&quot;Roboto&quot;;--awb-content-font-style:normal;--awb-content-font-weight:300;\"><div class=\"panel-group fusion-toggle-icon-boxed\" id=\"accordion-713-1\"><div class=\"fusion-panel panel-default panel-8ce2d2e1186213c04 fusion-toggle-has-divider\"><div class=\"panel-heading\"><h4 class=\"panel-title toggle\" id=\"toggle_8ce2d2e1186213c04\"><a class=\"active\" aria-expanded=\"true\" aria-controls=\"8ce2d2e1186213c04\" role=\"button\" data-toggle=\"collapse\" data-parent=\"#accordion-713-1\" data-target=\"#8ce2d2e1186213c04\" href=\"#8ce2d2e1186213c04\"><span class=\"fusion-toggle-icon-wrapper\" aria-hidden=\"true\"><i class=\"fa-fusion-box active-icon awb-icon-minus\" aria-hidden=\"true\"><\/i><i class=\"fa-fusion-box inactive-icon awb-icon-plus\" aria-hidden=\"true\"><\/i><\/span><span class=\"fusion-toggle-heading\">CASTELLANO<\/span><\/a><\/h4><\/div><div id=\"8ce2d2e1186213c04\" class=\"panel-collapse collapse in\" aria-labelledby=\"toggle_8ce2d2e1186213c04\"><div class=\"panel-body toggle-content fusion-clearfix\">El r\u00edo vertebra toda la Baron\u00eda y en Albalat le supone un l\u00edmite natural al crecimiento urbano hacia el sur, pero a la vez act\u00faa como eje de uni\u00f3n entre el casco hist\u00f3rico y la Calderona. <\/p>\n<p>El proyecto del Jard\u00ed del Riu fue una manera de crear una continuidad de la zona urbana con el r\u00edo, conformando el mayor espacio verde de la poblaci\u00f3n y conectando por la parte m\u00e1s cercana al r\u00edo el Puente de Mascar\u00f3s con el Pla del Moli, y uniendo la zona de jard\u00edn a la de actividades culturales, mediante el escenario.<\/div><\/div><\/div><div class=\"fusion-panel panel-default panel-655cbdc19089bb8f8 fusion-toggle-has-divider\"><div class=\"panel-heading\"><h4 class=\"panel-title toggle\" id=\"toggle_655cbdc19089bb8f8\"><a aria-expanded=\"false\" aria-controls=\"655cbdc19089bb8f8\" role=\"button\" data-toggle=\"collapse\" data-parent=\"#accordion-713-1\" data-target=\"#655cbdc19089bb8f8\" href=\"#655cbdc19089bb8f8\"><span class=\"fusion-toggle-icon-wrapper\" aria-hidden=\"true\"><i class=\"fa-fusion-box active-icon awb-icon-minus\" aria-hidden=\"true\"><\/i><i class=\"fa-fusion-box inactive-icon awb-icon-plus\" aria-hidden=\"true\"><\/i><\/span><span class=\"fusion-toggle-heading\">ENGLISH<\/span><\/a><\/h4><\/div><div id=\"655cbdc19089bb8f8\" class=\"panel-collapse collapse \" aria-labelledby=\"toggle_655cbdc19089bb8f8\"><div class=\"panel-body toggle-content fusion-clearfix\">\n<p>The river crosses the entire Baronia and in Albalat it is a natural limit to urban growth to the south, but at the same time acts as an axis of union between the historic center and the Calderona.<\/p>\n<p>The planification of the\u00a0<i>Jard\u00ed del Riu<\/i>\u00a0was a way of creating a continuity of the urban area with the river, placing the largest green space of the village and connecting the\u00a0<i>Pont de Mascaros<\/i>\u00a0with the\u00a0<i>Pla del Mol\u00ed<\/i>\u00a0closer to the river, and linking the garden area with that of cultural activities, through the stage.<\/p>\n<\/div><\/div><\/div><div class=\"fusion-panel panel-default panel-1d17a6ec5d2e48bf6 fusion-toggle-has-divider\"><div class=\"panel-heading\"><h4 class=\"panel-title toggle\" id=\"toggle_1d17a6ec5d2e48bf6\"><a aria-expanded=\"false\" aria-controls=\"1d17a6ec5d2e48bf6\" role=\"button\" data-toggle=\"collapse\" data-parent=\"#accordion-713-1\" data-target=\"#1d17a6ec5d2e48bf6\" href=\"#1d17a6ec5d2e48bf6\"><span class=\"fusion-toggle-icon-wrapper\" aria-hidden=\"true\"><i class=\"fa-fusion-box active-icon awb-icon-minus\" aria-hidden=\"true\"><\/i><i class=\"fa-fusion-box inactive-icon awb-icon-plus\" aria-hidden=\"true\"><\/i><\/span><span class=\"fusion-toggle-heading\">FRAN\u00c7AIS<\/span><\/a><\/h4><\/div><div id=\"1d17a6ec5d2e48bf6\" class=\"panel-collapse collapse \" aria-labelledby=\"toggle_1d17a6ec5d2e48bf6\"><div class=\"panel-body toggle-content fusion-clearfix\">La rivi\u00e8re traverse toute la Baronnie et, \u00e0 Albalat, elle constitue une limite naturelle \u00e0 la croissance urbaine au sud, mais agit en m\u00eame temps comme un axe d&#8217;union entre le centre historique et la Calderona.<\/p>\n<p>La planification du\u00a0<i>Jard\u00ed del Riu<\/i>\u00a0\u00e9tait un moyen de cr\u00e9er une continuit\u00e9 de la zone urbaine avec la rivi\u00e8re, en pla\u00e7ant le plus grand espace vert du village et reliant le\u00a0<i>Pont de Mascar\u00f3s<\/i>\u00a0avec le\u00a0<i>Pla del Mol\u00ed<\/i>\u00a0plus pr\u00e8s de la rivi\u00e8re, et reliant le jardin avec celui des activit\u00e9s culturelles, \u00e0 travers la sc\u00e8ne.<\/div><\/div><\/div><\/div><\/div><div class=\"fusion-clearfix\"><\/div><\/div><\/div><\/div><\/div><div class=\"fusion-fullwidth fullwidth-box fusion-builder-row-2 nonhundred-percent-fullwidth non-hundred-percent-height-scrolling\" style=\"--awb-border-radius-top-left:0px;--awb-border-radius-top-right:0px;--awb-border-radius-bottom-right:0px;--awb-border-radius-bottom-left:0px;--awb-flex-wrap:wrap;\" ><div class=\"fusion-builder-row fusion-row\"><div class=\"fusion-layout-column fusion_builder_column fusion-builder-column-2 fusion_builder_column_1_1 1_1 fusion-one-full fusion-column-first fusion-column-last\" style=\"--awb-bg-size:cover;--awb-margin-bottom:0px;\"><div class=\"fusion-column-wrapper fusion-flex-column-wrapper-legacy\"><div class=\"fusion-image-element fusion-image-align-center in-legacy-container\" style=\"text-align:center;--awb-caption-title-font-family:var(--h2_typography-font-family);--awb-caption-title-font-weight:var(--h2_typography-font-weight);--awb-caption-title-font-style:var(--h2_typography-font-style);--awb-caption-title-size:var(--h2_typography-font-size);--awb-caption-title-transform:var(--h2_typography-text-transform);--awb-caption-title-line-height:var(--h2_typography-line-height);--awb-caption-title-letter-spacing:var(--h2_typography-letter-spacing);\"><div class=\"imageframe-align-center\"><span class=\" fusion-imageframe imageframe-none imageframe-1 hover-type-none\"><a class=\"fusion-no-lightbox\" href=\"https:\/\/www.albalatdelstarongers.es\/es\/patrimonio-y-cultura\/\" target=\"_self\" aria-label=\"Albalat es Vida\"><img decoding=\"async\" width=\"297\" height=\"210\" alt=\"Patrimonio y Cultura\" src=\"https:\/\/www.albalatdelstarongers.es\/wp-content\/uploads\/2018\/11\/Albalat-es-Vida.png\" class=\"img-responsive wp-image-832\" srcset=\"https:\/\/www.albalatdelstarongers.es\/wp-content\/uploads\/2018\/11\/Albalat-es-Vida-200x141.png 200w, https:\/\/www.albalatdelstarongers.es\/wp-content\/uploads\/2018\/11\/Albalat-es-Vida.png 297w\" sizes=\"(max-width: 800px) 100vw, 297px\" \/><\/a><\/span><\/div><\/div><div class=\"fusion-clearfix\"><\/div><\/div><\/div><\/div><\/div><\/p>\n","protected":false},"excerpt":{"rendered":"","protected":false},"author":1,"featured_media":0,"parent":731,"menu_order":0,"comment_status":"closed","ping_status":"closed","template":"","meta":{"_bbp_topic_count":0,"_bbp_reply_count":0,"_bbp_total_topic_count":0,"_bbp_total_reply_count":0,"_bbp_voice_count":0,"_bbp_anonymous_reply_count":0,"_bbp_topic_count_hidden":0,"_bbp_reply_count_hidden":0,"_bbp_forum_subforum_count":0,"footnotes":""},"class_list":["post-713","page","type-page","status-publish","hentry"],"yoast_head":"<!-- This site is optimized with the Yoast SEO plugin v26.6 - https:\/\/yoast.com\/wordpress\/plugins\/seo\/ -->\n<title>Jard\u00ed del Riu - Albalat dels Tarongers<\/title>\n<meta name=\"robots\" content=\"index, follow, max-snippet:-1, max-image-preview:large, max-video-preview:-1\" \/>\n<link rel=\"canonical\" href=\"https:\/\/www.albalatdelstarongers.es\/es\/patrimonio-y-cultura\/patrimonio-la-ruta\/ruta-jardi-del-riu\/\" \/>\n<meta property=\"og:locale\" content=\"es_ES\" \/>\n<meta property=\"og:type\" content=\"article\" \/>\n<meta property=\"og:title\" content=\"Jard\u00ed del Riu - Albalat dels Tarongers\" \/>\n<meta property=\"og:url\" content=\"https:\/\/www.albalatdelstarongers.es\/es\/patrimonio-y-cultura\/patrimonio-la-ruta\/ruta-jardi-del-riu\/\" \/>\n<meta property=\"og:site_name\" content=\"Albalat dels Tarongers\" \/>\n<meta property=\"article:publisher\" content=\"https:\/\/www.facebook.com\/aytoalbalatdelstarongers\/\" \/>\n<meta property=\"article:modified_time\" content=\"2018-11-28T13:48:41+00:00\" \/>\n<meta name=\"twitter:card\" content=\"summary_large_image\" \/>\n<meta name=\"twitter:label1\" content=\"Tiempo de lectura\" \/>\n\t<meta name=\"twitter:data1\" content=\"4 minutos\" \/>\n<script type=\"application\/ld+json\" class=\"yoast-schema-graph\">{\"@context\":\"https:\/\/schema.org\",\"@graph\":[{\"@type\":\"WebPage\",\"@id\":\"https:\/\/www.albalatdelstarongers.es\/es\/patrimonio-y-cultura\/patrimonio-la-ruta\/ruta-jardi-del-riu\/\",\"url\":\"https:\/\/www.albalatdelstarongers.es\/es\/patrimonio-y-cultura\/patrimonio-la-ruta\/ruta-jardi-del-riu\/\",\"name\":\"Jard\u00ed del Riu - Albalat dels Tarongers\",\"isPartOf\":{\"@id\":\"https:\/\/www.albalatdelstarongers.es\/es\/#website\"},\"datePublished\":\"2018-11-10T08:38:39+00:00\",\"dateModified\":\"2018-11-28T13:48:41+00:00\",\"breadcrumb\":{\"@id\":\"https:\/\/www.albalatdelstarongers.es\/es\/patrimonio-y-cultura\/patrimonio-la-ruta\/ruta-jardi-del-riu\/#breadcrumb\"},\"inLanguage\":\"es\",\"potentialAction\":[{\"@type\":\"ReadAction\",\"target\":[\"https:\/\/www.albalatdelstarongers.es\/es\/patrimonio-y-cultura\/patrimonio-la-ruta\/ruta-jardi-del-riu\/\"]}]},{\"@type\":\"BreadcrumbList\",\"@id\":\"https:\/\/www.albalatdelstarongers.es\/es\/patrimonio-y-cultura\/patrimonio-la-ruta\/ruta-jardi-del-riu\/#breadcrumb\",\"itemListElement\":[{\"@type\":\"ListItem\",\"position\":1,\"name\":\"Portada\",\"item\":\"https:\/\/www.albalatdelstarongers.es\/es\/\"},{\"@type\":\"ListItem\",\"position\":2,\"name\":\"Turismo\",\"item\":\"https:\/\/www.albalatdelstarongers.es\/es\/patrimonio-y-cultura\/\"},{\"@type\":\"ListItem\",\"position\":3,\"name\":\"La Ruta\",\"item\":\"https:\/\/www.albalatdelstarongers.es\/es\/patrimonio-y-cultura\/patrimonio-la-ruta\/\"},{\"@type\":\"ListItem\",\"position\":4,\"name\":\"Jard\u00ed del Riu\"}]},{\"@type\":\"WebSite\",\"@id\":\"https:\/\/www.albalatdelstarongers.es\/es\/#website\",\"url\":\"https:\/\/www.albalatdelstarongers.es\/es\/\",\"name\":\"Albalat dels Tarongers\",\"description\":\"\",\"publisher\":{\"@id\":\"https:\/\/www.albalatdelstarongers.es\/es\/#organization\"},\"potentialAction\":[{\"@type\":\"SearchAction\",\"target\":{\"@type\":\"EntryPoint\",\"urlTemplate\":\"https:\/\/www.albalatdelstarongers.es\/es\/?s={search_term_string}\"},\"query-input\":{\"@type\":\"PropertyValueSpecification\",\"valueRequired\":true,\"valueName\":\"search_term_string\"}}],\"inLanguage\":\"es\"},{\"@type\":\"Organization\",\"@id\":\"https:\/\/www.albalatdelstarongers.es\/es\/#organization\",\"name\":\"Ajuntament Albalat dels Tarongers\",\"url\":\"https:\/\/www.albalatdelstarongers.es\/es\/\",\"logo\":{\"@type\":\"ImageObject\",\"inLanguage\":\"es\",\"@id\":\"https:\/\/www.albalatdelstarongers.es\/es\/#\/schema\/logo\/image\/\",\"url\":\"https:\/\/www.albalatdelstarongers.es\/wp-content\/uploads\/2018\/11\/Albalat-dels-Tarongers.png\",\"contentUrl\":\"https:\/\/www.albalatdelstarongers.es\/wp-content\/uploads\/2018\/11\/Albalat-dels-Tarongers.png\",\"width\":469,\"height\":110,\"caption\":\"Ajuntament Albalat dels Tarongers\"},\"image\":{\"@id\":\"https:\/\/www.albalatdelstarongers.es\/es\/#\/schema\/logo\/image\/\"},\"sameAs\":[\"https:\/\/www.facebook.com\/aytoalbalatdelstarongers\/\",\"https:\/\/www.instagram.com\/albalat_dels_tarongers\/\"]}]}<\/script>\n<!-- \/ Yoast SEO plugin. -->","yoast_head_json":{"title":"Jard\u00ed del Riu - Albalat dels Tarongers","robots":{"index":"index","follow":"follow","max-snippet":"max-snippet:-1","max-image-preview":"max-image-preview:large","max-video-preview":"max-video-preview:-1"},"canonical":"https:\/\/www.albalatdelstarongers.es\/es\/patrimonio-y-cultura\/patrimonio-la-ruta\/ruta-jardi-del-riu\/","og_locale":"es_ES","og_type":"article","og_title":"Jard\u00ed del Riu - Albalat dels Tarongers","og_url":"https:\/\/www.albalatdelstarongers.es\/es\/patrimonio-y-cultura\/patrimonio-la-ruta\/ruta-jardi-del-riu\/","og_site_name":"Albalat dels Tarongers","article_publisher":"https:\/\/www.facebook.com\/aytoalbalatdelstarongers\/","article_modified_time":"2018-11-28T13:48:41+00:00","twitter_card":"summary_large_image","twitter_misc":{"Tiempo de lectura":"4 minutos"},"schema":{"@context":"https:\/\/schema.org","@graph":[{"@type":"WebPage","@id":"https:\/\/www.albalatdelstarongers.es\/es\/patrimonio-y-cultura\/patrimonio-la-ruta\/ruta-jardi-del-riu\/","url":"https:\/\/www.albalatdelstarongers.es\/es\/patrimonio-y-cultura\/patrimonio-la-ruta\/ruta-jardi-del-riu\/","name":"Jard\u00ed del Riu - Albalat dels Tarongers","isPartOf":{"@id":"https:\/\/www.albalatdelstarongers.es\/es\/#website"},"datePublished":"2018-11-10T08:38:39+00:00","dateModified":"2018-11-28T13:48:41+00:00","breadcrumb":{"@id":"https:\/\/www.albalatdelstarongers.es\/es\/patrimonio-y-cultura\/patrimonio-la-ruta\/ruta-jardi-del-riu\/#breadcrumb"},"inLanguage":"es","potentialAction":[{"@type":"ReadAction","target":["https:\/\/www.albalatdelstarongers.es\/es\/patrimonio-y-cultura\/patrimonio-la-ruta\/ruta-jardi-del-riu\/"]}]},{"@type":"BreadcrumbList","@id":"https:\/\/www.albalatdelstarongers.es\/es\/patrimonio-y-cultura\/patrimonio-la-ruta\/ruta-jardi-del-riu\/#breadcrumb","itemListElement":[{"@type":"ListItem","position":1,"name":"Portada","item":"https:\/\/www.albalatdelstarongers.es\/es\/"},{"@type":"ListItem","position":2,"name":"Turismo","item":"https:\/\/www.albalatdelstarongers.es\/es\/patrimonio-y-cultura\/"},{"@type":"ListItem","position":3,"name":"La Ruta","item":"https:\/\/www.albalatdelstarongers.es\/es\/patrimonio-y-cultura\/patrimonio-la-ruta\/"},{"@type":"ListItem","position":4,"name":"Jard\u00ed del Riu"}]},{"@type":"WebSite","@id":"https:\/\/www.albalatdelstarongers.es\/es\/#website","url":"https:\/\/www.albalatdelstarongers.es\/es\/","name":"Albalat dels Tarongers","description":"","publisher":{"@id":"https:\/\/www.albalatdelstarongers.es\/es\/#organization"},"potentialAction":[{"@type":"SearchAction","target":{"@type":"EntryPoint","urlTemplate":"https:\/\/www.albalatdelstarongers.es\/es\/?s={search_term_string}"},"query-input":{"@type":"PropertyValueSpecification","valueRequired":true,"valueName":"search_term_string"}}],"inLanguage":"es"},{"@type":"Organization","@id":"https:\/\/www.albalatdelstarongers.es\/es\/#organization","name":"Ajuntament Albalat dels Tarongers","url":"https:\/\/www.albalatdelstarongers.es\/es\/","logo":{"@type":"ImageObject","inLanguage":"es","@id":"https:\/\/www.albalatdelstarongers.es\/es\/#\/schema\/logo\/image\/","url":"https:\/\/www.albalatdelstarongers.es\/wp-content\/uploads\/2018\/11\/Albalat-dels-Tarongers.png","contentUrl":"https:\/\/www.albalatdelstarongers.es\/wp-content\/uploads\/2018\/11\/Albalat-dels-Tarongers.png","width":469,"height":110,"caption":"Ajuntament Albalat dels Tarongers"},"image":{"@id":"https:\/\/www.albalatdelstarongers.es\/es\/#\/schema\/logo\/image\/"},"sameAs":["https:\/\/www.facebook.com\/aytoalbalatdelstarongers\/","https:\/\/www.instagram.com\/albalat_dels_tarongers\/"]}]}},"_links":{"self":[{"href":"https:\/\/www.albalatdelstarongers.es\/es\/wp-json\/wp\/v2\/pages\/713","targetHints":{"allow":["GET"]}}],"collection":[{"href":"https:\/\/www.albalatdelstarongers.es\/es\/wp-json\/wp\/v2\/pages"}],"about":[{"href":"https:\/\/www.albalatdelstarongers.es\/es\/wp-json\/wp\/v2\/types\/page"}],"author":[{"embeddable":true,"href":"https:\/\/www.albalatdelstarongers.es\/es\/wp-json\/wp\/v2\/users\/1"}],"replies":[{"embeddable":true,"href":"https:\/\/www.albalatdelstarongers.es\/es\/wp-json\/wp\/v2\/comments?post=713"}],"version-history":[{"count":4,"href":"https:\/\/www.albalatdelstarongers.es\/es\/wp-json\/wp\/v2\/pages\/713\/revisions"}],"predecessor-version":[{"id":1133,"href":"https:\/\/www.albalatdelstarongers.es\/es\/wp-json\/wp\/v2\/pages\/713\/revisions\/1133"}],"up":[{"embeddable":true,"href":"https:\/\/www.albalatdelstarongers.es\/es\/wp-json\/wp\/v2\/pages\/731"}],"wp:attachment":[{"href":"https:\/\/www.albalatdelstarongers.es\/es\/wp-json\/wp\/v2\/media?parent=713"}],"curies":[{"name":"wp","href":"https:\/\/api.w.org\/{rel}","templated":true}]}}